{"id":922,"date":"2022-02-24T14:11:37","date_gmt":"2022-02-24T12:11:37","guid":{"rendered":"https:\/\/activeyouth4life.eu\/home\/"},"modified":"2026-02-13T13:21:19","modified_gmt":"2026-02-13T11:21:19","slug":"home","status":"publish","type":"page","link":"https:\/\/activeyouth4life.eu\/es\/","title":{"rendered":"Inicio"},"content":{"rendered":"<div>\n<h3>Ciudadan\u00eda activa para los j\u00f3venes mediante la mejora de las competencias LIFECOMP a trav\u00e9s de herramientas y t\u00e9cnicas pedag\u00f3gicas innovadoras<\/h3>\n<div>\n<p>Cultivar la mentalidad ciudadana activa de los j\u00f3venes para luchar contra el cambio clim\u00e1tico y garantizar su participaci\u00f3n en la mejora de la sociedad mediante herramientas y t\u00e9cnicas pedag\u00f3gicas innovadoras.<\/p>\n<\/div>\n<\/div>\n<p><img decoding=\"async\" src=\"\/wp-content\/uploads\/2022\/04\/AY4L_-09.svg\" alt=\"Overview\"><br \/>\n<img decoding=\"async\" src=\"\/wp-content\/uploads\/2022\/04\/AY4L_-11.svg\" alt=\"e-learning\"><\/p>\n<div>\n<h3>Plataforma de formaci\u00f3n y comunicaci\u00f3n virtual<\/h3>\n<div>\n<p>Este resultado consistir\u00e1 en el desarrollo de herramientas y recursos digitales y de e-learning para llevar a cabo actividades de formaci\u00f3n para la mejora de la participaci\u00f3n c\u00edvica de los j\u00f3venes, la sensibilizaci\u00f3n sobre el cambio clim\u00e1tico y el desarrollo sostenible.<\/p>\n<\/div>\n<\/div>\n<p>\n    <a href=\"\/es\/elearning\/\">[readmore_text]<\/a>\n<\/p>\n<div>\n<h3>Resultados<\/h3>\n<div>\n<p><strong>Pel\u00edcula <\/strong>&#8211; Manual de formaci\u00f3n para la concienciaci\u00f3n de los j\u00f3venes sobre el cambio clim\u00e1tico y el desarrollo sostenible.<\/p>\n<p><strong>Escape rooms<\/strong> digitales para fomentar la ciudadan\u00eda activa de los j\u00f3venes.<\/p>\n<p><span style=\"font-weight: 400;\"><strong>Plataforma<\/strong> de formaci\u00f3n y comunicaci\u00f3n virtual.\u00a0<\/span><\/p>\n<\/div>\n<\/div>\n<p>\n    <a href=\"\/es\/results\/\">[readmore_text]<\/a>\n<\/p>\n<p><img decoding=\"async\" src=\"\/wp-content\/uploads\/2022\/04\/AY4L_-13.svg\" alt=\"Overview\"><\/p>\n<h3>[news_header]<\/h3>\n<div>\n<\/div>\n<p><!--more--><br \/>\n<!-- {\"name\":\"About\",\"type\":\"layout\",\"children\":[{\"type\":\"section\",\"props\":{\"style\":\"default\",\"width\":\"default\",\"vertical_align\":\"middle\",\"title_position\":\"top-left\",\"title_rotation\":\"left\",\"title_breakpoint\":\"xl\",\"image_position\":\"top-left\",\"image\":\"\",\"media_visibility\":\"m\",\"width_expand\":\"right\",\"animation\":\"fade\"},\"children\":[{\"type\":\"row\",\"props\":{\"layout\":\"1-2,1-2\"},\"children\":[{\"type\":\"column\",\"props\":{\"position_sticky_breakpoint\":\"m\",\"image_position\":\"center-center\",\"media_overlay_gradient\":\"\",\"width_medium\":\"1-2\",\"image\":\"\"},\"children\":[{\"type\":\"panel\",\"props\":{\"link_text\":\"Read more\",\"title_hover_style\":\"reset\",\"title_element\":\"h3\",\"title_align\":\"top\",\"title_grid_width\":\"1-2\",\"title_grid_breakpoint\":\"m\",\"meta_style\":\"meta\",\"meta_align\":\"below-title\",\"meta_element\":\"div\",\"content_column_breakpoint\":\"m\",\"icon_width\":80,\"image_align\":\"top\",\"image_grid_width\":\"1-2\",\"image_grid_breakpoint\":\"m\",\"image_svg_color\":\"emphasis\",\"link_style\":\"default\",\"margin\":\"default\",\"meta\":\"\",\"title\":\"Ciudadan\\u00eda activa para los j\\u00f3venes mediante la mejora de las competencias LIFECOMP a trav\\u00e9s de herramientas y t\\u00e9cnicas pedag\\u00f3gicas innovadoras\",\"content\":\"\n\n<p>Cultivar la mentalidad ciudadana activa de los j\\u00f3venes para luchar contra el cambio clim\\u00e1tico y garantizar su participaci\\u00f3n en la mejora de la sociedad mediante herramientas y t\\u00e9cnicas pedag\\u00f3gicas innovadoras.<\\\/p>\"}}]},{\"type\":\"column\",\"props\":{\"position_sticky_breakpoint\":\"m\",\"image_position\":\"center-center\",\"media_overlay_gradient\":\"\",\"width_medium\":\"1-2\"},\"children\":[{\"type\":\"image\",\"props\":{\"margin\":\"default\",\"image_svg_color\":\"emphasis\",\"image\":\"wp-content\\\/uploads\\\/2022\\\/04\\\/AY4L_-09.svg\",\"image_alt\":\"Overview\",\"container_padding_remove\":true,\"animation\":\"slide-right-medium\"}}]}]}],\"name\":\"Overview\"},{\"type\":\"section\",\"props\":{\"style\":\"default\",\"width\":\"default\",\"vertical_align\":\"middle\",\"title_position\":\"top-left\",\"title_rotation\":\"left\",\"title_breakpoint\":\"xl\",\"image_position\":\"top-left\",\"image\":\"\",\"media_visibility\":\"m\",\"width_expand\":\"left\",\"animation\":\"fade\"},\"children\":[{\"type\":\"row\",\"props\":{\"layout\":\"1-2,1-2\"},\"children\":[{\"type\":\"column\",\"props\":{\"position_sticky_breakpoint\":\"m\",\"image_position\":\"center-center\",\"media_overlay_gradient\":\"\",\"width_medium\":\"1-2\",\"image\":\"\"},\"children\":[{\"type\":\"image\",\"props\":{\"margin\":\"default\",\"image_svg_color\":\"emphasis\",\"image\":\"wp-content\\\/uploads\\\/2022\\\/04\\\/AY4L_-11.svg\",\"image_alt\":\"e-learning\",\"container_padding_remove\":true,\"animation\":\"slide-left-medium\"}}]},{\"type\":\"column\",\"props\":{\"position_sticky_breakpoint\":\"m\",\"image_position\":\"center-center\",\"media_overlay_gradient\":\"\",\"width_medium\":\"1-2\"},\"children\":[{\"type\":\"panel\",\"props\":{\"link_text\":\"Read more\",\"title_hover_style\":\"reset\",\"title_element\":\"h3\",\"title_align\":\"top\",\"title_grid_width\":\"1-2\",\"title_grid_breakpoint\":\"m\",\"meta_style\":\"meta\",\"meta_align\":\"below-title\",\"meta_element\":\"div\",\"content_column_breakpoint\":\"m\",\"icon_width\":80,\"image_align\":\"top\",\"image_grid_width\":\"1-2\",\"image_grid_breakpoint\":\"m\",\"image_svg_color\":\"emphasis\",\"link_style\":\"default\",\"margin\":\"default\",\"meta\":\"\",\"title\":\"Plataforma de formaci\\u00f3n y comunicaci\\u00f3n virtual\",\"content\":\"\n\n<p>Este resultado consistir\\u00e1 en el desarrollo de herramientas y recursos digitales y de e-learning para llevar a cabo actividades de formaci\\u00f3n para la mejora de la participaci\\u00f3n c\\u00edvica de los j\\u00f3venes, la sensibilizaci\\u00f3n sobre el cambio clim\\u00e1tico y el desarrollo sostenible.<\\\/p>\"}},{\"type\":\"button\",\"props\":{\"grid_column_gap\":\"small\",\"grid_row_gap\":\"small\",\"margin\":\"default\"},\"children\":[{\"type\":\"button_item\",\"props\":{\"button_style\":\"primary\",\"icon_align\":\"left\",\"link\":\"es\\\/elearning\\\/\",\"content\":\"[readmore_text]\"}}]}]}]}],\"name\":\"E-learning\"},{\"type\":\"section\",\"props\":{\"style\":\"default\",\"width\":\"default\",\"vertical_align\":\"middle\",\"title_position\":\"top-left\",\"title_rotation\":\"left\",\"title_breakpoint\":\"xl\",\"image_position\":\"top-left\",\"image\":\"\",\"media_visibility\":\"m\",\"width_expand\":\"right\",\"animation\":\"fade\"},\"children\":[{\"type\":\"row\",\"props\":{\"layout\":\"1-2,1-2\"},\"children\":[{\"type\":\"column\",\"props\":{\"position_sticky_breakpoint\":\"m\",\"image_position\":\"center-center\",\"media_overlay_gradient\":\"\",\"width_medium\":\"1-2\",\"image\":\"\"},\"children\":[{\"type\":\"panel\",\"props\":{\"link_text\":\"Read more\",\"title_hover_style\":\"reset\",\"title_element\":\"h3\",\"title_align\":\"top\",\"title_grid_width\":\"1-2\",\"title_grid_breakpoint\":\"m\",\"meta_style\":\"meta\",\"meta_align\":\"below-title\",\"meta_element\":\"div\",\"content_column_breakpoint\":\"m\",\"icon_width\":80,\"image_align\":\"top\",\"image_grid_width\":\"1-2\",\"image_grid_breakpoint\":\"m\",\"image_svg_color\":\"emphasis\",\"link_style\":\"default\",\"margin\":\"default\",\"meta\":\"\",\"title\":\"Resultados\",\"content\":\"\n\n<p><strong>Pel\\u00edcula <\\\/strong>- Manual de formaci\\u00f3n para la concienciaci\\u00f3n de los j\\u00f3venes sobre el cambio clim\\u00e1tico y el desarrollo sostenible.<\\\/p>\\n\n\n<p><strong>Escape rooms<\\\/strong> digitales para fomentar la ciudadan\\u00eda activa de los j\\u00f3venes.<\\\/p>\\n\n\n<p><span style=\\\"font-weight: 400;\\\"><strong>Plataforma<\\\/strong> de formaci\\u00f3n y comunicaci\\u00f3n virtual.\\u00a0<\\\/span><\\\/p>\"}},{\"type\":\"button\",\"props\":{\"grid_column_gap\":\"small\",\"grid_row_gap\":\"small\",\"margin\":\"default\"},\"children\":[{\"type\":\"button_item\",\"props\":{\"button_style\":\"primary\",\"icon_align\":\"left\",\"link\":\"es\\\/results\\\/\",\"content\":\"[readmore_text]\"}}]}]},{\"type\":\"column\",\"props\":{\"position_sticky_breakpoint\":\"m\",\"image_position\":\"center-center\",\"media_overlay_gradient\":\"\",\"width_medium\":\"1-2\"},\"children\":[{\"type\":\"image\",\"props\":{\"margin\":\"default\",\"image_svg_color\":\"emphasis\",\"image\":\"wp-content\\\/uploads\\\/2022\\\/04\\\/AY4L_-13.svg\",\"image_alt\":\"Overview\",\"container_padding_remove\":true,\"animation\":\"slide-right-medium\"}}]}]}],\"name\":\"Results\"},{\"type\":\"section\",\"props\":{\"style\":\"muted\",\"width\":\"default\",\"vertical_align\":\"middle\",\"title_position\":\"top-left\",\"title_rotation\":\"left\",\"title_breakpoint\":\"xl\",\"image_position\":\"center-center\",\"animation\":\"fade\"},\"children\":[{\"type\":\"row\",\"children\":[{\"type\":\"column\",\"props\":{\"position_sticky_breakpoint\":\"m\",\"image_position\":\"center-center\",\"media_overlay_gradient\":\"\"},\"children\":[{\"type\":\"headline\",\"props\":{\"title_element\":\"h3\",\"title_style\":\"h2\",\"text_align\":\"center\",\"content\":\"[news_header]\"},\"name\":\"headline-pages\"}]}]},{\"type\":\"row\",\"children\":[{\"type\":\"column\",\"props\":{\"position_sticky_breakpoint\":\"m\",\"image_position\":\"center-center\",\"media_overlay_gradient\":\"\",\"width_medium\":\"\"},\"children\":[{\"type\":\"grid\",\"props\":{\"show_title\":true,\"show_meta\":false,\"show_content\":false,\"show_image\":true,\"show_link\":true,\"grid_default\":\"1\",\"grid_medium\":\"3\",\"filter_style\":\"tab\",\"filter_all\":true,\"filter_position\":\"top\",\"filter_align\":\"left\",\"filter_grid_width\":\"auto\",\"filter_grid_breakpoint\":\"m\",\"title_hover_style\":\"reset\",\"title_element\":\"h4\",\"title_align\":\"top\",\"title_grid_width\":\"1-2\",\"title_grid_breakpoint\":\"m\",\"meta_style\":\"meta\",\"meta_align\":\"below-title\",\"meta_element\":\"div\",\"content_column_breakpoint\":\"m\",\"icon_width\":80,\"image_align\":\"top\",\"image_grid_width\":\"1-2\",\"image_grid_breakpoint\":\"m\",\"image_svg_color\":\"emphasis\",\"link_text\":\"\",\"link_style\":\"default\",\"margin\":\"default\",\"item_animation\":false,\"panel_link\":true,\"title_style\":\"h4\",\"class\":\"news-grid\",\"panel_style\":\"card-default\",\"panel_padding\":\"default\",\"grid_column_gap\":\"medium\",\"title_link\":false,\"image_link\":false},\"children\":[{\"type\":\"grid_item\",\"source\":{\"query\":{\"name\":\"posts.customPosts\",\"arguments\":{\"terms\":[30],\"category_operator\":\"IN\",\"post_tag_operator\":\"IN\",\"users\":[],\"users_operator\":\"IN\",\"offset\":0,\"limit\":3,\"order\":\"date\",\"order_direction\":\"DESC\"}},\"props\":{\"title\":{\"filters\":{\"search\":\"\"},\"name\":\"title\"},\"image\":{\"filters\":{\"search\":\"\"},\"name\":\"featuredImage.url\"},\"link\":{\"filters\":{\"search\":\"\"},\"name\":\"link\"}}}}]}]}],\"props\":{\"width\":\"default\"}}],\"name\":\"News\"}],\"version\":\"2.7.22\"} --><\/p>\n","protected":false},"excerpt":{"rendered":"<p>Ciudadan\u00eda activa para los j\u00f3venes mediante la mejora de las competencias LIFECOMP a trav\u00e9s de herramientas y t\u00e9cnicas pedag\u00f3gicas innovadoras Cultivar la mentalidad ciudadana activa de los j\u00f3venes para luchar contra el cambio clim\u00e1tico y garantizar su participaci\u00f3n en la mejora de la sociedad mediante herramientas y t\u00e9cnicas pedag\u00f3gicas innovadoras. Plataforma de formaci\u00f3n y comunicaci\u00f3n [&hellip;]<\/p>\n","protected":false},"author":1,"featured_media":0,"parent":0,"menu_order":0,"comment_status":"closed","ping_status":"closed","template":"","meta":{"footnotes":""},"class_list":["post-922","page","type-page","status-publish","hentry"],"_links":{"self":[{"href":"https:\/\/activeyouth4life.eu\/es\/wp-json\/wp\/v2\/pages\/922","targetHints":{"allow":["GET"]}}],"collection":[{"href":"https:\/\/activeyouth4life.eu\/es\/wp-json\/wp\/v2\/pages"}],"about":[{"href":"https:\/\/activeyouth4life.eu\/es\/wp-json\/wp\/v2\/types\/page"}],"author":[{"embeddable":true,"href":"https:\/\/activeyouth4life.eu\/es\/wp-json\/wp\/v2\/users\/1"}],"replies":[{"embeddable":true,"href":"https:\/\/activeyouth4life.eu\/es\/wp-json\/wp\/v2\/comments?post=922"}],"version-history":[{"count":6,"href":"https:\/\/activeyouth4life.eu\/es\/wp-json\/wp\/v2\/pages\/922\/revisions"}],"predecessor-version":[{"id":1036,"href":"https:\/\/activeyouth4life.eu\/es\/wp-json\/wp\/v2\/pages\/922\/revisions\/1036"}],"wp:attachment":[{"href":"https:\/\/activeyouth4life.eu\/es\/wp-json\/wp\/v2\/media?parent=922"}],"curies":[{"name":"wp","href":"https:\/\/api.w.org\/{rel}","templated":true}]}}